{"id":3049,"date":"2012-02-19T02:22:55","date_gmt":"2012-02-19T01:22:55","guid":{"rendered":"https:\/\/thenailbar.ch\/de\/startseite.html"},"modified":"2026-04-02T13:58:21","modified_gmt":"2026-04-02T11:58:21","slug":"willkommen","status":"publish","type":"page","link":"https:\/\/thenailbar.ch\/de","title":{"rendered":"Willkommen"},"content":{"rendered":"<p>[et_pb_section bb_built=&#8220;1&#8243;][et_pb_row][et_pb_column type=&#8220;4_4&#8243;][et_pb_text]<\/p>\n<h3 style=\"text-align: center;\">COVID-Situation am 14\/01\/21<\/h3>\n<p style=\"text-align: center;\">Die Nail Bar bleibt w\u00e4hrend dieser neuen Einschr\u00e4nkungen weiterhin ge\u00f6ffnet. Kommen Sie zu uns, um in diesen besonderen Zeiten Ihre Stimmung aufrechtzuerhalten! Die \u00d6ffnungszeiten unserer Nail Bar k\u00f6nnen sich \u00e4ndern. Sie k\u00f6nnen online einen Termin vereinbaren oder unsere Reservierungszentrale anrufen, um weitere Informationen zu erhalten.<\/p>\n<div class=\"row\">\n<div class=\"col-md-12 text-center\">\n<h3 class=\"highlight\" style=\"text-align: center;\">Das Tragen der Maske ist obligatorisch!<\/h3>\n<p><a href=\"https:\/\/thenailbar.ch\/de\/covid19-safetybeauty\">Entdecken Sie unsere Schutzmassnahmen im Shop<\/a><\/p>\n<\/div>\n<\/div>\n<p>[\/et_pb_text][\/et_pb_column][\/et_pb_row][\/et_pb_section]<\/p>\n","protected":false},"excerpt":{"rendered":"<p>[et_pb_section bb_built=&#8220;1&#8243;][et_pb_row][et_pb_column type=&#8220;4_4&#8243;][et_pb_text] COVID-Situation am 14\/01\/21 Die Nail Bar bleibt w\u00e4hrend dieser neuen Einschr\u00e4nkungen weiterhin ge\u00f6ffnet. Kommen Sie zu uns, um in diesen besonderen Zeiten Ihre Stimmung aufrechtzuerhalten! Die \u00d6ffnungszeiten unserer Nail Bar k\u00f6nnen sich \u00e4ndern. Sie k\u00f6nnen online einen Termin vereinbaren oder unsere Reservierungszentrale anrufen, um weitere Informationen zu erhalten. Das Tragen der Maske &hellip; <a href=\"https:\/\/thenailbar.ch\/de\">Continued<\/a><\/p>\n","protected":false},"author":1,"featured_media":19279,"parent":0,"menu_order":0,"comment_status":"closed","ping_status":"closed","template":"fw-template-frontpage-2023.php","meta":{"_acf_changed":false,"_et_pb_use_builder":"off","_et_pb_old_content":"","_et_gb_content_width":"","jetpack_post_was_ever_published":false,"footnotes":""},"class_list":["post-3049","page","type-page","status-publish","has-post-thumbnail","hentry"],"acf":[],"yoast_head":"<!-- This site is optimized with the Yoast SEO plugin v27.5 - https:\/\/yoast.com\/product\/yoast-seo-wordpress\/ -->\n<title>The Nail Bar - Lausanne Genf Vevey Neuenburg Freiburg Monthey Biel Zuerich<\/title>\n<meta name=\"description\" content=\"The Nail Bar steht f\u00fcr ein trendiges neuartiges Konzept der Sch\u00f6nheitspflege f\u00fcr Ihre H\u00e4nde und F\u00fcsse. Wir lackieren Ihre N\u00e4gel mit klassischem und semi-permanentem Nagellack.\" \/>\n<meta name=\"robots\" content=\"index, follow, max-snippet:-1, max-image-preview:large, max-video-preview:-1\" \/>\n<link rel=\"canonical\" href=\"https:\/\/thenailbar.ch\/de\" \/>\n<meta property=\"og:locale\" content=\"de_DE\" \/>\n<meta property=\"og:type\" content=\"article\" \/>\n<meta property=\"og:title\" content=\"The Nail Bar - Lausanne Genf Vevey Neuenburg Freiburg Monthey Biel Zuerich\" \/>\n<meta property=\"og:description\" content=\"The Nail Bar steht f\u00fcr ein trendiges neuartiges Konzept der Sch\u00f6nheitspflege f\u00fcr Ihre H\u00e4nde und F\u00fcsse. Wir lackieren Ihre N\u00e4gel mit klassischem und semi-permanentem Nagellack.\" \/>\n<meta property=\"og:url\" content=\"https:\/\/thenailbar.ch\/de\" \/>\n<meta property=\"og:site_name\" content=\"The Nail Bar - Lausanne Genf Vevey Neuenburg Freiburg Monthey Biel Zuerich\" \/>\n<meta property=\"article:publisher\" content=\"https:\/\/www.facebook.com\/thenailbar.nail.switzerland\/\" \/>\n<meta property=\"article:modified_time\" content=\"2026-04-02T11:58:21+00:00\" \/>\n<meta property=\"og:image\" content=\"https:\/\/thenailbar.ch\/wp2\/wp-content\/uploads\/2022\/01\/TNB_ID-16-002_RGB_WonV-Square.png\" \/>\n\t<meta property=\"og:image:width\" content=\"2272\" \/>\n\t<meta property=\"og:image:height\" content=\"2272\" \/>\n\t<meta property=\"og:image:type\" content=\"image\/png\" \/>\n<meta name=\"twitter:card\" content=\"summary_large_image\" \/>\n<meta name=\"twitter:image\" content=\"https:\/\/thenailbar.ch\/wp2\/wp-content\/uploads\/2022\/01\/TNB_ID-16-002_RGB_WonV-Square.png\" \/>\n<meta name=\"twitter:site\" content=\"@TheNailBarSwiss\" \/>\n<meta name=\"twitter:label1\" content=\"Gesch\u00e4tzte Lesezeit\" \/>\n\t<meta name=\"twitter:data1\" content=\"5\u00a0Minuten\" \/>\n<script type=\"application\/ld+json\" class=\"yoast-schema-graph\">{\"@context\":\"https:\\\/\\\/schema.org\",\"@graph\":[{\"@type\":\"WebPage\",\"@id\":\"https:\\\/\\\/thenailbar.ch\\\/de\",\"url\":\"https:\\\/\\\/thenailbar.ch\\\/de\",\"name\":\"The Nail Bar - Lausanne Genf Vevey Neuenburg Freiburg Monthey Biel Zuerich\",\"isPartOf\":{\"@id\":\"https:\\\/\\\/thenailbar.ch\\\/de#website\"},\"primaryImageOfPage\":{\"@id\":\"https:\\\/\\\/thenailbar.ch\\\/de#primaryimage\"},\"image\":{\"@id\":\"https:\\\/\\\/thenailbar.ch\\\/de#primaryimage\"},\"thumbnailUrl\":\"https:\\\/\\\/thenailbar.ch\\\/wp2\\\/wp-content\\\/uploads\\\/2026\\\/03\\\/WP-Cover-2160x10203-2.webp\",\"datePublished\":\"2012-02-19T01:22:55+00:00\",\"dateModified\":\"2026-04-02T11:58:21+00:00\",\"description\":\"The Nail Bar steht f\u00fcr ein trendiges neuartiges Konzept der Sch\u00f6nheitspflege f\u00fcr Ihre H\u00e4nde und F\u00fcsse. Wir lackieren Ihre N\u00e4gel mit klassischem und semi-permanentem Nagellack.\",\"breadcrumb\":{\"@id\":\"https:\\\/\\\/thenailbar.ch\\\/de#breadcrumb\"},\"inLanguage\":\"de\",\"potentialAction\":[{\"@type\":\"ReadAction\",\"target\":[\"https:\\\/\\\/thenailbar.ch\\\/de\"]}]},{\"@type\":\"ImageObject\",\"inLanguage\":\"de\",\"@id\":\"https:\\\/\\\/thenailbar.ch\\\/de#primaryimage\",\"url\":\"https:\\\/\\\/thenailbar.ch\\\/wp2\\\/wp-content\\\/uploads\\\/2026\\\/03\\\/WP-Cover-2160x10203-2.webp\",\"contentUrl\":\"https:\\\/\\\/thenailbar.ch\\\/wp2\\\/wp-content\\\/uploads\\\/2026\\\/03\\\/WP-Cover-2160x10203-2.webp\",\"width\":2160,\"height\":1020},{\"@type\":\"BreadcrumbList\",\"@id\":\"https:\\\/\\\/thenailbar.ch\\\/de#breadcrumb\",\"itemListElement\":[{\"@type\":\"ListItem\",\"position\":1,\"name\":\"Accueil\",\"item\":\"https:\\\/\\\/thenailbar.ch\\\/de\"},{\"@type\":\"ListItem\",\"position\":2,\"name\":\"Willkommen\"}]},{\"@type\":\"WebSite\",\"@id\":\"https:\\\/\\\/thenailbar.ch\\\/de#website\",\"url\":\"https:\\\/\\\/thenailbar.ch\\\/de\",\"name\":\"The Nail Bar - Sans ou Avec rendez-vous!\",\"description\":\"\u201cOhne oder Mit Termin!\u201d\",\"publisher\":{\"@id\":\"https:\\\/\\\/thenailbar.ch\\\/de#organization\"},\"alternateName\":\"The Nail Bar\",\"potentialAction\":[{\"@type\":\"SearchAction\",\"target\":{\"@type\":\"EntryPoint\",\"urlTemplate\":\"https:\\\/\\\/thenailbar.ch\\\/de?s={search_term_string}\"},\"query-input\":{\"@type\":\"PropertyValueSpecification\",\"valueRequired\":true,\"valueName\":\"search_term_string\"}}],\"inLanguage\":\"de\"},{\"@type\":\"Organization\",\"@id\":\"https:\\\/\\\/thenailbar.ch\\\/de#organization\",\"name\":\"The Nail Bar\",\"url\":\"https:\\\/\\\/thenailbar.ch\\\/de\",\"logo\":{\"@type\":\"ImageObject\",\"inLanguage\":\"de\",\"@id\":\"https:\\\/\\\/thenailbar.ch\\\/de#\\\/schema\\\/logo\\\/image\\\/\",\"url\":\"https:\\\/\\\/i0.wp.com\\\/thenailbar.ch\\\/wp2\\\/wp-content\\\/uploads\\\/2018\\\/09\\\/android-chrome-192x192.png?fit=192%2C192&ssl=1\",\"contentUrl\":\"https:\\\/\\\/i0.wp.com\\\/thenailbar.ch\\\/wp2\\\/wp-content\\\/uploads\\\/2018\\\/09\\\/android-chrome-192x192.png?fit=192%2C192&ssl=1\",\"width\":192,\"height\":192,\"caption\":\"The Nail Bar\"},\"image\":{\"@id\":\"https:\\\/\\\/thenailbar.ch\\\/de#\\\/schema\\\/logo\\\/image\\\/\"},\"sameAs\":[\"https:\\\/\\\/www.facebook.com\\\/thenailbar.nail.switzerland\\\/\",\"https:\\\/\\\/x.com\\\/TheNailBarSwiss\",\"https:\\\/\\\/www.instagram.com\\\/thenailbarswitzerland\\\/\",\"https:\\\/\\\/www.pinterest.ch\\\/thenailbarswitzerland\\\/\",\"https:\\\/\\\/www.youtube.com\\\/channel\\\/UCAZSdCTBJp-1F91xL1wZHQg\"]}]}<\/script>\n<!-- \/ Yoast SEO plugin. -->","yoast_head_json":{"title":"The Nail Bar - Lausanne Genf Vevey Neuenburg Freiburg Monthey Biel Zuerich","description":"The Nail Bar steht f\u00fcr ein trendiges neuartiges Konzept der Sch\u00f6nheitspflege f\u00fcr Ihre H\u00e4nde und F\u00fcsse. Wir lackieren Ihre N\u00e4gel mit klassischem und semi-permanentem Nagellack.","robots":{"index":"index","follow":"follow","max-snippet":"max-snippet:-1","max-image-preview":"max-image-preview:large","max-video-preview":"max-video-preview:-1"},"canonical":"https:\/\/thenailbar.ch\/de","og_locale":"de_DE","og_type":"article","og_title":"The Nail Bar - Lausanne Genf Vevey Neuenburg Freiburg Monthey Biel Zuerich","og_description":"The Nail Bar steht f\u00fcr ein trendiges neuartiges Konzept der Sch\u00f6nheitspflege f\u00fcr Ihre H\u00e4nde und F\u00fcsse. Wir lackieren Ihre N\u00e4gel mit klassischem und semi-permanentem Nagellack.","og_url":"https:\/\/thenailbar.ch\/de","og_site_name":"The Nail Bar - Lausanne Genf Vevey Neuenburg Freiburg Monthey Biel Zuerich","article_publisher":"https:\/\/www.facebook.com\/thenailbar.nail.switzerland\/","article_modified_time":"2026-04-02T11:58:21+00:00","og_image":[{"width":2272,"height":2272,"url":"https:\/\/thenailbar.ch\/wp2\/wp-content\/uploads\/2022\/01\/TNB_ID-16-002_RGB_WonV-Square.png","type":"image\/png"}],"twitter_card":"summary_large_image","twitter_image":"https:\/\/thenailbar.ch\/wp2\/wp-content\/uploads\/2022\/01\/TNB_ID-16-002_RGB_WonV-Square.png","twitter_site":"@TheNailBarSwiss","twitter_misc":{"Gesch\u00e4tzte Lesezeit":"5\u00a0Minuten"},"schema":{"@context":"https:\/\/schema.org","@graph":[{"@type":"WebPage","@id":"https:\/\/thenailbar.ch\/de","url":"https:\/\/thenailbar.ch\/de","name":"The Nail Bar - Lausanne Genf Vevey Neuenburg Freiburg Monthey Biel Zuerich","isPartOf":{"@id":"https:\/\/thenailbar.ch\/de#website"},"primaryImageOfPage":{"@id":"https:\/\/thenailbar.ch\/de#primaryimage"},"image":{"@id":"https:\/\/thenailbar.ch\/de#primaryimage"},"thumbnailUrl":"https:\/\/thenailbar.ch\/wp2\/wp-content\/uploads\/2026\/03\/WP-Cover-2160x10203-2.webp","datePublished":"2012-02-19T01:22:55+00:00","dateModified":"2026-04-02T11:58:21+00:00","description":"The Nail Bar steht f\u00fcr ein trendiges neuartiges Konzept der Sch\u00f6nheitspflege f\u00fcr Ihre H\u00e4nde und F\u00fcsse. Wir lackieren Ihre N\u00e4gel mit klassischem und semi-permanentem Nagellack.","breadcrumb":{"@id":"https:\/\/thenailbar.ch\/de#breadcrumb"},"inLanguage":"de","potentialAction":[{"@type":"ReadAction","target":["https:\/\/thenailbar.ch\/de"]}]},{"@type":"ImageObject","inLanguage":"de","@id":"https:\/\/thenailbar.ch\/de#primaryimage","url":"https:\/\/thenailbar.ch\/wp2\/wp-content\/uploads\/2026\/03\/WP-Cover-2160x10203-2.webp","contentUrl":"https:\/\/thenailbar.ch\/wp2\/wp-content\/uploads\/2026\/03\/WP-Cover-2160x10203-2.webp","width":2160,"height":1020},{"@type":"BreadcrumbList","@id":"https:\/\/thenailbar.ch\/de#breadcrumb","itemListElement":[{"@type":"ListItem","position":1,"name":"Accueil","item":"https:\/\/thenailbar.ch\/de"},{"@type":"ListItem","position":2,"name":"Willkommen"}]},{"@type":"WebSite","@id":"https:\/\/thenailbar.ch\/de#website","url":"https:\/\/thenailbar.ch\/de","name":"The Nail Bar - Sans ou Avec rendez-vous!","description":"\u201cOhne oder Mit Termin!\u201d","publisher":{"@id":"https:\/\/thenailbar.ch\/de#organization"},"alternateName":"The Nail Bar","potentialAction":[{"@type":"SearchAction","target":{"@type":"EntryPoint","urlTemplate":"https:\/\/thenailbar.ch\/de?s={search_term_string}"},"query-input":{"@type":"PropertyValueSpecification","valueRequired":true,"valueName":"search_term_string"}}],"inLanguage":"de"},{"@type":"Organization","@id":"https:\/\/thenailbar.ch\/de#organization","name":"The Nail Bar","url":"https:\/\/thenailbar.ch\/de","logo":{"@type":"ImageObject","inLanguage":"de","@id":"https:\/\/thenailbar.ch\/de#\/schema\/logo\/image\/","url":"https:\/\/i0.wp.com\/thenailbar.ch\/wp2\/wp-content\/uploads\/2018\/09\/android-chrome-192x192.png?fit=192%2C192&ssl=1","contentUrl":"https:\/\/i0.wp.com\/thenailbar.ch\/wp2\/wp-content\/uploads\/2018\/09\/android-chrome-192x192.png?fit=192%2C192&ssl=1","width":192,"height":192,"caption":"The Nail Bar"},"image":{"@id":"https:\/\/thenailbar.ch\/de#\/schema\/logo\/image\/"},"sameAs":["https:\/\/www.facebook.com\/thenailbar.nail.switzerland\/","https:\/\/x.com\/TheNailBarSwiss","https:\/\/www.instagram.com\/thenailbarswitzerland\/","https:\/\/www.pinterest.ch\/thenailbarswitzerland\/","https:\/\/www.youtube.com\/channel\/UCAZSdCTBJp-1F91xL1wZHQg"]}]}},"jetpack_sharing_enabled":false,"jetpack-related-posts":[],"jetpack_shortlink":"https:\/\/wp.me\/PatLF0-Nb","_links":{"self":[{"href":"https:\/\/thenailbar.ch\/de\/wp-json\/wp\/v2\/pages\/3049","targetHints":{"allow":["GET"]}}],"collection":[{"href":"https:\/\/thenailbar.ch\/de\/wp-json\/wp\/v2\/pages"}],"about":[{"href":"https:\/\/thenailbar.ch\/de\/wp-json\/wp\/v2\/types\/page"}],"author":[{"embeddable":true,"href":"https:\/\/thenailbar.ch\/de\/wp-json\/wp\/v2\/users\/1"}],"replies":[{"embeddable":true,"href":"https:\/\/thenailbar.ch\/de\/wp-json\/wp\/v2\/comments?post=3049"}],"version-history":[{"count":65,"href":"https:\/\/thenailbar.ch\/de\/wp-json\/wp\/v2\/pages\/3049\/revisions"}],"predecessor-version":[{"id":19360,"href":"https:\/\/thenailbar.ch\/de\/wp-json\/wp\/v2\/pages\/3049\/revisions\/19360"}],"wp:featuredmedia":[{"embeddable":true,"href":"https:\/\/thenailbar.ch\/de\/wp-json\/wp\/v2\/media\/19279"}],"wp:attachment":[{"href":"https:\/\/thenailbar.ch\/de\/wp-json\/wp\/v2\/media?parent=3049"}],"curies":[{"name":"wp","href":"https:\/\/api.w.org\/{rel}","templated":true}]}}